{"version":"1.0","provider_name":"Online Star Register","provider_url":"https:\/\/osr.org\/tr\/","author_name":"Hatice Utkan Ozden","author_url":"https:\/\/osr.org\/tr\/blog\/author\/hatice-utkan-ozden\/","title":"NASA'dan \u00fcrk\u00fct\u00fcc\u00fc video. Helix Nebulas\u0131'n\u0131n sesi kaydedildi - Online Star Register","type":"rich","width":600,"height":338,"html":"<blockquote class=\"wp-embedded-content\" data-secret=\"EtwivVe7Y1\"><a href=\"https:\/\/osr.org\/tr\/blog\/astronomi\/nasadan-urkutucu-video-helix-nebulasinin-sesi-kaydedildi\/\">NASA&#8217;dan \u00fcrk\u00fct\u00fcc\u00fc video. Helix Nebulas\u0131&#8217;n\u0131n sesi kaydedildi<\/a><\/blockquote><iframe sandbox=\"allow-scripts\" security=\"restricted\" src=\"https:\/\/osr.org\/tr\/blog\/astronomi\/nasadan-urkutucu-video-helix-nebulasinin-sesi-kaydedildi\/embed\/#?secret=EtwivVe7Y1\" width=\"600\" height=\"338\" title=\"&#8220;NASA&#8217;dan \u00fcrk\u00fct\u00fcc\u00fc video. Helix Nebulas\u0131&#8217;n\u0131n sesi kaydedildi&#8221; &#8212; Online Star Register\" data-secret=\"EtwivVe7Y1\" frameborder=\"0\" marginwidth=\"0\" marginheight=\"0\" scrolling=\"no\" class=\"wp-embedded-content\"><\/iframe><script type=\"text\/javascript\">\n\/* <![CDATA[ *\/\n\/*! This file is auto-generated *\/\n!function(d,l){\"use strict\";l.querySelector&&d.addEventListener&&\"undefined\"!=typeof URL&&(d.wp=d.wp||{},d.wp.receiveEmbedMessage||(d.wp.receiveEmbedMessage=function(e){var t=e.data;if((t||t.secret||t.message||t.value)&&!\/[^a-zA-Z0-9]\/.test(t.secret)){for(var s,r,n,a=l.querySelectorAll('iframe[data-secret=\"'+t.secret+'\"]'),o=l.querySelectorAll('blockquote[data-secret=\"'+t.secret+'\"]'),c=new RegExp(\"^https?:$\",\"i\"),i=0;i<o.length;i++)o[i].style.display=\"none\";for(i=0;i<a.length;i++)s=a[i],e.source===s.contentWindow&&(s.removeAttribute(\"style\"),\"height\"===t.message?(1e3<(r=parseInt(t.value,10))?r=1e3:~~r<200&&(r=200),s.height=r):\"link\"===t.message&&(r=new URL(s.getAttribute(\"src\")),n=new URL(t.value),c.test(n.protocol))&&n.host===r.host&&l.activeElement===s&&(d.top.location.href=t.value))}},d.addEventListener(\"message\",d.wp.receiveEmbedMessage,!1),l.addEventListener(\"DOMContentLoaded\",function(){for(var e,t,s=l.querySelectorAll(\"iframe.wp-embedded-content\"),r=0;r<s.length;r++)(t=(e=s[r]).getAttribute(\"data-secret\"))||(t=Math.random().toString(36).substring(2,12),e.src+=\"#?secret=\"+t,e.setAttribute(\"data-secret\",t)),e.contentWindow.postMessage({message:\"ready\",secret:t},\"*\")},!1)))}(window,document);\n\/\/# sourceURL=https:\/\/osr.org\/wp-includes\/js\/wp-embed.min.js\n\/* ]]> *\/\n<\/script>\n","description":"NASA Hubble Uzay Teleskobu resmi hesab\u0131ndan payla\u015f\u0131lan videoda D\u00fcnya\u2019dan tam 655 \u0131\u015f\u0131k y\u0131l\u0131 uzakl\u0131kta bulunan Helix Nebulas\u0131\u2019n\u0131n g\u00f6r\u00fcnt\u00fcs\u00fcn\u00fcn sese d\u00f6n\u00fc\u015ft\u00fcr\u00fclm\u00fc\u015f halini payla\u015ft\u0131. G\u00f6r\u00fcnt\u00fcy\u00fc taray\u0131p renklerine g\u00f6re sese d\u00f6n\u00fc\u015ft\u00fcr\u00fclerek ortaya \u00e7\u0131kar\u0131lan videoda k\u0131rm\u0131z\u0131 \u0131\u015f\u0131k daha du\u0308s\u0327u\u0308k, mavi \u0131\u015f\u0131k ise daha y\u00fcksek at\u0131\u015flara g\u00f6re haritaland\u0131r\u0131ld\u0131. I\u015f\u0131\u011f\u0131n frekanslar\u0131n\u0131n k\u0131rm\u0131z\u0131dan maviye do\u011fru y\u00fckseldik\u00e7e, sesin frekans\u0131 da o do\u011frultuda artt\u0131\u011f\u0131 [&hellip;]"}